{"id":4269,"date":"2025-05-08T13:58:55","date_gmt":"2025-05-08T13:58:55","guid":{"rendered":"https:\/\/weinakademie.it\/ambasciatore-del-gusto\/"},"modified":"2026-01-25T10:28:52","modified_gmt":"2026-01-25T10:28:52","slug":"ambasciatore-del-gusto","status":"publish","type":"page","link":"https:\/\/weinakademie.it\/it\/ambasciatore-del-gusto\/","title":{"rendered":"Ambasciatore del gusto"},"content":{"rendered":"\t\t<div data-elementor-type=\"wp-page\" data-elementor-id=\"4269\" class=\"elementor elementor-4269 elementor-3027\" data-elementor-post-type=\"page\">\n\t\t\t\t<div class=\"elementor-element elementor-element-71529147 e-flex e-con-boxed e-con e-parent\" data-id=\"71529147\" data-element_type=\"container\" data-e-type=\"container\" data-settings=\"{&quot;background_background&quot;:&quot;classic&quot;}\">\n\t\t\t\t\t<div class=\"e-con-inner\">\n\t\t<div class=\"elementor-element elementor-element-d0f330f e-con-full e-flex e-con e-child\" data-id=\"d0f330f\" data-element_type=\"container\" data-e-type=\"container\" data-settings=\"{&quot;background_background&quot;:&quot;classic&quot;}\">\n\t\t\t\t<div class=\"elementor-element elementor-element-0b90ba5 elementor-widget elementor-widget-heading\" data-id=\"0b90ba5\" data-element_type=\"widget\" data-e-type=\"widget\" data-widget_type=\"heading.default\">\n\t\t\t\t<div class=\"elementor-widget-container\">\n\t\t\t\t\t<h1 class=\"elementor-heading-title elementor-size-default\">Formazione come Ambasciatore del gusto altoatesino<\/h1>\t\t\t\t<\/div>\n\t\t\t\t<\/div>\n\t\t\t\t<\/div>\n\t\t\t\t\t<\/div>\n\t\t\t\t<\/div>\n\t\t<div class=\"elementor-element elementor-element-743137d e-flex e-con-boxed e-con e-parent\" data-id=\"743137d\" data-element_type=\"container\" data-e-type=\"container\" data-settings=\"{&quot;background_background&quot;:&quot;classic&quot;}\">\n\t\t\t\t\t<div class=\"e-con-inner\">\n\t\t<div class=\"elementor-element elementor-element-2d04e23 e-con-full e-flex elementor-invisible e-con e-child\" data-id=\"2d04e23\" data-element_type=\"container\" data-e-type=\"container\" data-settings=\"{&quot;animation&quot;:&quot;fadeInUp&quot;}\">\n\t\t\t\t<div class=\"elementor-element elementor-element-c6553bf elementor-icon-list--layout-inline elementor-list-item-link-full_width elementor-widget elementor-widget-icon-list\" data-id=\"c6553bf\" data-element_type=\"widget\" data-e-type=\"widget\" data-widget_type=\"icon-list.default\">\n\t\t\t\t<div class=\"elementor-widget-container\">\n\t\t\t\t\t\t\t<ul class=\"elementor-icon-list-items elementor-inline-items\">\n\t\t\t\t\t\t\t<li class=\"elementor-icon-list-item elementor-inline-item\">\n\t\t\t\t\t\t\t\t\t\t\t<span class=\"elementor-icon-list-icon\">\n\t\t\t\t\t\t\t<svg xmlns=\"http:\/\/www.w3.org\/2000\/svg\" xmlns:xlink=\"http:\/\/www.w3.org\/1999\/xlink\" width=\"512\" height=\"512\" x=\"0\" y=\"0\" viewBox=\"0 0 512 512\" style=\"enable-background:new 0 0 512 512\" xml:space=\"preserve\" class=\"\"><g><path d=\"M429.44 224.693c-2.773-4.854-8.053-7.84-13.76-7.84H297.92c-5.706 0-10.986 2.987-13.759 7.84-12.106 21.014-19.04 44.587-19.04 64.747 0 31.453 18.148 64.774 53.333 80.746 11.626 5.174 19.093 16.641 19.093 29.227v73.813c0 3.201-2.613 5.814-5.813 5.814h-13.92c-15.254 0-27.627 12.373-27.627 27.626 0 2.934 2.4 5.333 5.333 5.333h122.559c2.933 0 5.333-2.4 5.333-5.333 0-15.254-12.373-27.626-27.627-27.626h-13.919c-3.2 0-5.813-2.613-5.813-5.814v-73.813c0-12.587 7.467-24.053 19.093-29.227 30.389-13.795 53.333-44.49 53.333-80.746 0-20.16-6.933-43.786-19.039-64.747zm8.267 68.107c-61.055-15.741-114.745 59.869-161.44 4.693-.267-2.667-.48-5.333-.48-8.053 0-18.346 6.4-40 17.6-59.413.907-1.546 2.613-2.507 4.533-2.507h117.76c1.92 0 3.626.961 4.533 2.507 11.2 19.414 17.6 41.067 17.6 59.413 0 1.12-.053 2.239-.106 3.36zM173.067 17.867 171.04 35.2c-2.24-.853-4.693-1.28-7.254-1.28h-37.28c-2.56 0-5.013.48-7.306 1.333l-2.027-17.387C116.048 8.31 123.612 0 133.066 0h24.107c9.433 0 17.021 8.285 15.894 17.867zM136.16 332.586v90.773c0 2.933-2.4 5.333-5.333 5.333H63.521V327.254h67.307a5.314 5.314 0 0 1 5.332 5.332z\" fill=\"#b73525\" opacity=\"1\" data-original=\"#000000\" class=\"\"><\/path><path d=\"M226.72 309.761v174.614c0 15.253-10.187 27.626-22.773 27.626H86.294c-12.533 0-22.773-12.373-22.773-27.626V439.36h67.307c8.853 0 16-7.147 16-16v-90.773c0-8.853-7.147-16-16-16H63.521v-6.826c0-35.946 7.733-71.201 22.293-101.974 14.08-29.653 30.027-63.254 30.027-97.44V55.254a10.63 10.63 0 0 1 10.667-10.667h37.28c5.867 0 10.667 4.747 10.667 10.667v55.093c0 34.135 15.894 67.787 29.973 97.44 14.558 30.773 22.292 66.026 22.292 101.974z\" fill=\"#b73525\" opacity=\"1\" data-original=\"#000000\" class=\"\"><\/path><\/g><\/svg>\t\t\t\t\t\t<\/span>\n\t\t\t\t\t\t\t\t\t\t<span class=\"elementor-icon-list-text\">Ambasciatore del gusto<\/span>\n\t\t\t\t\t\t\t\t\t<\/li>\n\t\t\t\t\t\t<\/ul>\n\t\t\t\t\t\t<\/div>\n\t\t\t\t<\/div>\n\t\t\t\t<div class=\"elementor-element elementor-element-49e4654 elementor-widget elementor-widget-heading\" data-id=\"49e4654\" data-element_type=\"widget\" data-e-type=\"widget\" data-widget_type=\"heading.default\">\n\t\t\t\t<div class=\"elementor-widget-container\">\n\t\t\t\t\t<h2 class=\"elementor-heading-title elementor-size-default\">Ambasciatori del buon gusto \u2013 con cuore, conoscenza e passione<\/h2>\t\t\t\t<\/div>\n\t\t\t\t<\/div>\n\t\t\t\t<div class=\"elementor-element elementor-element-287c5b4 elementor-widget elementor-widget-text-editor\" data-id=\"287c5b4\" data-element_type=\"widget\" data-e-type=\"widget\" data-widget_type=\"text-editor.default\">\n\t\t\t\t<div class=\"elementor-widget-container\">\n\t\t\t\t\t\t\t\t\t<p>L&#8217;Alto Adige \u00e8 sinonimo di prodotti alimentari autentici e di alta qualit\u00e0. Per trasmettere questi valori occorrono personalit\u00e0 che non solo apprezzino questi prodotti, ma che sappiano anche trasmettere il loro entusiasmo. \u00c8 proprio qui che entra in gioco la nostra formazione per diventare \u201cAmbasciatori del gusto altoatesino\u201d. <\/p>\n<p>In qualit\u00e0 di ambasciatore del gusto diventerai un mediatore riconosciuto della competenza regionale e rappresenterai il legame tra prodotto, provenienza e persone.<\/p>\n\t\t\t\t\t\t\t\t<\/div>\n\t\t\t\t<\/div>\n\t\t\t\t<div class=\"elementor-element elementor-element-b07a62b elementor-align-left elementor-widget elementor-widget-button\" data-id=\"b07a62b\" data-element_type=\"widget\" data-e-type=\"widget\" data-widget_type=\"button.default\">\n\t\t\t\t<div class=\"elementor-widget-container\">\n\t\t\t\t\t\t\t\t\t<div class=\"elementor-button-wrapper\">\n\t\t\t\t\t<a class=\"elementor-button elementor-button-link elementor-size-sm elementor-animation-float\" href=\"https:\/\/weinakademie.it\/it\/corsi\/delizie\/#ltseventsdetail=CAD16B707E0A481593A2803BEA4DD275\">\n\t\t\t\t\t\t<span class=\"elementor-button-content-wrapper\">\n\t\t\t\t\t\t<span class=\"elementor-button-icon\">\n\t\t\t\t<i aria-hidden=\"true\" class=\" las la-arrow-right\"><\/i>\t\t\t<\/span>\n\t\t\t\t\t\t\t\t\t<span class=\"elementor-button-text\">Iscriviti ora<\/span>\n\t\t\t\t\t<\/span>\n\t\t\t\t\t<\/a>\n\t\t\t\t<\/div>\n\t\t\t\t\t\t\t\t<\/div>\n\t\t\t\t<\/div>\n\t\t\t\t<\/div>\n\t\t\t\t\t<\/div>\n\t\t\t\t<\/div>\n\t\t<div class=\"elementor-element elementor-element-dee014c e-flex e-con-boxed e-con e-parent\" data-id=\"dee014c\" data-element_type=\"container\" data-e-type=\"container\" data-settings=\"{&quot;background_background&quot;:&quot;classic&quot;}\">\n\t\t\t\t\t<div class=\"e-con-inner\">\n\t\t<div class=\"elementor-element elementor-element-45053b9 e-con-full e-flex e-con e-child\" data-id=\"45053b9\" data-element_type=\"container\" data-e-type=\"container\">\n\t\t\t\t<div class=\"elementor-element elementor-element-4aa2f4b elementor-icon-list--layout-inline elementor-list-item-link-full_width elementor-widget elementor-widget-icon-list\" data-id=\"4aa2f4b\" data-element_type=\"widget\" data-e-type=\"widget\" data-widget_type=\"icon-list.default\">\n\t\t\t\t<div class=\"elementor-widget-container\">\n\t\t\t\t\t\t\t<ul class=\"elementor-icon-list-items elementor-inline-items\">\n\t\t\t\t\t\t\t<li class=\"elementor-icon-list-item elementor-inline-item\">\n\t\t\t\t\t\t\t\t\t\t\t<span class=\"elementor-icon-list-icon\">\n\t\t\t\t\t\t\t<svg xmlns=\"http:\/\/www.w3.org\/2000\/svg\" xmlns:xlink=\"http:\/\/www.w3.org\/1999\/xlink\" width=\"512\" height=\"512\" x=\"0\" y=\"0\" viewBox=\"0 0 512 512\" style=\"enable-background:new 0 0 512 512\" xml:space=\"preserve\" class=\"\"><g><path d=\"M429.44 224.693c-2.773-4.854-8.053-7.84-13.76-7.84H297.92c-5.706 0-10.986 2.987-13.759 7.84-12.106 21.014-19.04 44.587-19.04 64.747 0 31.453 18.148 64.774 53.333 80.746 11.626 5.174 19.093 16.641 19.093 29.227v73.813c0 3.201-2.613 5.814-5.813 5.814h-13.92c-15.254 0-27.627 12.373-27.627 27.626 0 2.934 2.4 5.333 5.333 5.333h122.559c2.933 0 5.333-2.4 5.333-5.333 0-15.254-12.373-27.626-27.627-27.626h-13.919c-3.2 0-5.813-2.613-5.813-5.814v-73.813c0-12.587 7.467-24.053 19.093-29.227 30.389-13.795 53.333-44.49 53.333-80.746 0-20.16-6.933-43.786-19.039-64.747zm8.267 68.107c-61.055-15.741-114.745 59.869-161.44 4.693-.267-2.667-.48-5.333-.48-8.053 0-18.346 6.4-40 17.6-59.413.907-1.546 2.613-2.507 4.533-2.507h117.76c1.92 0 3.626.961 4.533 2.507 11.2 19.414 17.6 41.067 17.6 59.413 0 1.12-.053 2.239-.106 3.36zM173.067 17.867 171.04 35.2c-2.24-.853-4.693-1.28-7.254-1.28h-37.28c-2.56 0-5.013.48-7.306 1.333l-2.027-17.387C116.048 8.31 123.612 0 133.066 0h24.107c9.433 0 17.021 8.285 15.894 17.867zM136.16 332.586v90.773c0 2.933-2.4 5.333-5.333 5.333H63.521V327.254h67.307a5.314 5.314 0 0 1 5.332 5.332z\" fill=\"#b73525\" opacity=\"1\" data-original=\"#000000\" class=\"\"><\/path><path d=\"M226.72 309.761v174.614c0 15.253-10.187 27.626-22.773 27.626H86.294c-12.533 0-22.773-12.373-22.773-27.626V439.36h67.307c8.853 0 16-7.147 16-16v-90.773c0-8.853-7.147-16-16-16H63.521v-6.826c0-35.946 7.733-71.201 22.293-101.974 14.08-29.653 30.027-63.254 30.027-97.44V55.254a10.63 10.63 0 0 1 10.667-10.667h37.28c5.867 0 10.667 4.747 10.667 10.667v55.093c0 34.135 15.894 67.787 29.973 97.44 14.558 30.773 22.292 66.026 22.292 101.974z\" fill=\"#b73525\" opacity=\"1\" data-original=\"#000000\" class=\"\"><\/path><\/g><\/svg>\t\t\t\t\t\t<\/span>\n\t\t\t\t\t\t\t\t\t\t<span class=\"elementor-icon-list-text\">Ambasciatore del gusto<\/span>\n\t\t\t\t\t\t\t\t\t<\/li>\n\t\t\t\t\t\t<\/ul>\n\t\t\t\t\t\t<\/div>\n\t\t\t\t<\/div>\n\t\t\t\t<div class=\"elementor-element elementor-element-e14d1f4 elementor-widget elementor-widget-heading\" data-id=\"e14d1f4\" data-element_type=\"widget\" data-e-type=\"widget\" data-widget_type=\"heading.default\">\n\t\t\t\t<div class=\"elementor-widget-container\">\n\t\t\t\t\t<h2 class=\"elementor-heading-title elementor-size-default\">Contenuti e struttura della formazione<\/h2>\t\t\t\t<\/div>\n\t\t\t\t<\/div>\n\t\t\t\t<div class=\"elementor-element elementor-element-0f43502 elementor-widget elementor-widget-text-editor\" data-id=\"0f43502\" data-element_type=\"widget\" data-e-type=\"widget\" data-widget_type=\"text-editor.default\">\n\t\t\t\t<div class=\"elementor-widget-container\">\n\t\t\t\t\t\t\t\t\t<p>La formazione comprende 10 moduli pratici, che si svolgono in blocchi il venerd\u00ec e il sabato. Acquisirai conoscenze approfondite sui prodotti di qualit\u00e0 dell&#8217;Alto Adige, sul analisi sensoriale, sulla comunicazione e sulla presentazione dei prodotti.<\/p>\n<p>Chi soster\u00e1 l\u00b4esame finale, potr\u00e1 definirsi ufficialmente \u201cAmbasciatrici del gusto altoatesino\u201de saranno quindi rappresentanti competenti della cultura gastronomica altoatesina.<\/p>\n\t\t\t\t\t\t\t\t<\/div>\n\t\t\t\t<\/div>\n\t\t\t\t<div class=\"elementor-element elementor-element-0a10ea1 elementor-widget elementor-widget-heading\" data-id=\"0a10ea1\" data-element_type=\"widget\" data-e-type=\"widget\" data-widget_type=\"heading.default\">\n\t\t\t\t<div class=\"elementor-widget-container\">\n\t\t\t\t\t<h3 class=\"elementor-heading-title elementor-size-default\">Panoramica dei dati importanti<\/h3>\t\t\t\t<\/div>\n\t\t\t\t<\/div>\n\t\t\t\t<div class=\"elementor-element elementor-element-90c4b8d elementor-icon-list--layout-traditional elementor-list-item-link-full_width elementor-widget elementor-widget-icon-list\" data-id=\"90c4b8d\" data-element_type=\"widget\" data-e-type=\"widget\" data-widget_type=\"icon-list.default\">\n\t\t\t\t<div class=\"elementor-widget-container\">\n\t\t\t\t\t\t\t<ul class=\"elementor-icon-list-items\">\n\t\t\t\t\t\t\t<li class=\"elementor-icon-list-item\">\n\t\t\t\t\t\t\t\t\t\t\t<span class=\"elementor-icon-list-icon\">\n\t\t\t\t\t\t\t<i aria-hidden=\"true\" class=\"lnr lnr-calendar-full\"><\/i>\t\t\t\t\t\t<\/span>\n\t\t\t\t\t\t\t\t\t\t<span class=\"elementor-icon-list-text\"><b>Inizio:<\/b> venerd\u00ec 28 novembre 2025<\/span>\n\t\t\t\t\t\t\t\t\t<\/li>\n\t\t\t\t\t\t\t\t<li class=\"elementor-icon-list-item\">\n\t\t\t\t\t\t\t\t\t\t\t<span class=\"elementor-icon-list-icon\">\n\t\t\t\t\t\t\t<i aria-hidden=\"true\" class=\" las la-graduation-cap\"><\/i>\t\t\t\t\t\t<\/span>\n\t\t\t\t\t\t\t\t\t\t<span class=\"elementor-icon-list-text\"><b>Fine della formazione:<\/b> giugno 2026<\/span>\n\t\t\t\t\t\t\t\t\t<\/li>\n\t\t\t\t\t\t\t\t<li class=\"elementor-icon-list-item\">\n\t\t\t\t\t\t\t\t\t\t\t<span class=\"elementor-icon-list-icon\">\n\t\t\t\t\t\t\t<i aria-hidden=\"true\" class=\"icofont icofont-file-psd\"><\/i>\t\t\t\t\t\t<\/span>\n\t\t\t\t\t\t\t\t\t\t<span class=\"elementor-icon-list-text\"><b>Esame finale:<\/b> autunno 2026<\/span>\n\t\t\t\t\t\t\t\t\t<\/li>\n\t\t\t\t\t\t\t\t<li class=\"elementor-icon-list-item\">\n\t\t\t\t\t\t\t\t\t\t\t<span class=\"elementor-icon-list-icon\">\n\t\t\t\t\t\t\t<i aria-hidden=\"true\" class=\" la la-wechat\"><\/i>\t\t\t\t\t\t<\/span>\n\t\t\t\t\t\t\t\t\t\t<span class=\"elementor-icon-list-text\"><b>Lingua di insegnamento:<\/b> tedesco<\/span>\n\t\t\t\t\t\t\t\t\t<\/li>\n\t\t\t\t\t\t\t\t<li class=\"elementor-icon-list-item\">\n\t\t\t\t\t\t\t\t\t\t\t<span class=\"elementor-icon-list-icon\">\n\t\t\t\t\t\t\t<i aria-hidden=\"true\" class=\"icons icon-user\"><\/i>\t\t\t\t\t\t<\/span>\n\t\t\t\t\t\t\t\t\t\t<span class=\"elementor-icon-list-text\"><b>Numero partecipanti:<\/b> 12-16 persone<\/span>\n\t\t\t\t\t\t\t\t\t<\/li>\n\t\t\t\t\t\t\t\t<li class=\"elementor-icon-list-item\">\n\t\t\t\t\t\t\t\t\t\t\t<span class=\"elementor-icon-list-icon\">\n\t\t\t\t\t\t\t<i aria-hidden=\"true\" class=\"mdi mdi-check-underline\"><\/i>\t\t\t\t\t\t<\/span>\n\t\t\t\t\t\t\t\t\t\t<span class=\"elementor-icon-list-text\"><b>Presenza obbligatoria:<\/b> 80%<\/span>\n\t\t\t\t\t\t\t\t\t<\/li>\n\t\t\t\t\t\t\t\t<li class=\"elementor-icon-list-item\">\n\t\t\t\t\t\t\t\t\t\t\t<span class=\"elementor-icon-list-icon\">\n\t\t\t\t\t\t\t<i aria-hidden=\"true\" class=\"icomoon icomoon-coin-euro\"><\/i>\t\t\t\t\t\t<\/span>\n\t\t\t\t\t\t\t\t\t\t<span class=\"elementor-icon-list-text\"><b>Prezzo:<\/b> 1.080 \u20ac (IVA inclusa)<\/span>\n\t\t\t\t\t\t\t\t\t<\/li>\n\t\t\t\t\t\t<\/ul>\n\t\t\t\t\t\t<\/div>\n\t\t\t\t<\/div>\n\t\t\t\t<div class=\"elementor-element elementor-element-351a9c2 elementor-widget elementor-widget-text-editor\" data-id=\"351a9c2\" data-element_type=\"widget\" data-e-type=\"widget\" data-widget_type=\"text-editor.default\">\n\t\t\t\t<div class=\"elementor-widget-container\">\n\t\t\t\t\t\t\t\t\t<p><em><b>Avviso:<\/b><\/em> Salvo modifiche<\/p>\n\t\t\t\t\t\t\t\t<\/div>\n\t\t\t\t<\/div>\n\t\t\t\t<div class=\"elementor-element elementor-element-536b87b elementor-align-left elementor-mobile-align-center elementor-widget elementor-widget-button\" data-id=\"536b87b\" data-element_type=\"widget\" data-e-type=\"widget\" data-widget_type=\"button.default\">\n\t\t\t\t<div class=\"elementor-widget-container\">\n\t\t\t\t\t\t\t\t\t<div class=\"elementor-button-wrapper\">\n\t\t\t\t\t<a class=\"elementor-button elementor-button-link elementor-size-sm elementor-animation-float\" href=\"https:\/\/weinakademie.it\/wp-content\/uploads\/2025\/11\/GB-Kursprogramm_2025-2026-Kursplan.pdf\" target=\"_blank\">\n\t\t\t\t\t\t<span class=\"elementor-button-content-wrapper\">\n\t\t\t\t\t\t<span class=\"elementor-button-icon\">\n\t\t\t\t<i aria-hidden=\"true\" class=\" las la-arrow-right\"><\/i>\t\t\t<\/span>\n\t\t\t\t\t\t\t\t\t<span class=\"elementor-button-text\">Scarica il programme dei corsi<\/span>\n\t\t\t\t\t<\/span>\n\t\t\t\t\t<\/a>\n\t\t\t\t<\/div>\n\t\t\t\t\t\t\t\t<\/div>\n\t\t\t\t<\/div>\n\t\t\t\t<\/div>\n\t\t<div class=\"elementor-element elementor-element-48b2422 e-con-full e-flex e-con e-child\" data-id=\"48b2422\" data-element_type=\"container\" data-e-type=\"container\">\n\t\t\t\t<div class=\"elementor-element elementor-element-5171773 img_zoom elementor-widget elementor-widget-image\" data-id=\"5171773\" data-element_type=\"widget\" data-e-type=\"widget\" data-widget_type=\"image.default\">\n\t\t\t\t<div class=\"elementor-widget-container\">\n\t\t\t\t\t\t\t\t\t\t\t\t\t\t\t<img fetchpriority=\"high\" decoding=\"async\" width=\"1920\" height=\"1280\" src=\"https:\/\/weinakademie.it\/wp-content\/uploads\/2025\/06\/\u00a9AlexFilz-6542-1-2-1.jpg\" class=\"attachment-full size-full wp-image-4267\" alt=\"\" srcset=\"https:\/\/weinakademie.it\/wp-content\/uploads\/2025\/06\/\u00a9AlexFilz-6542-1-2-1.jpg 1920w, https:\/\/weinakademie.it\/wp-content\/uploads\/2025\/06\/\u00a9AlexFilz-6542-1-2-1-300x200.jpg 300w, https:\/\/weinakademie.it\/wp-content\/uploads\/2025\/06\/\u00a9AlexFilz-6542-1-2-1-1024x683.jpg 1024w, https:\/\/weinakademie.it\/wp-content\/uploads\/2025\/06\/\u00a9AlexFilz-6542-1-2-1-768x512.jpg 768w, https:\/\/weinakademie.it\/wp-content\/uploads\/2025\/06\/\u00a9AlexFilz-6542-1-2-1-1536x1024.jpg 1536w\" sizes=\"(max-width: 1920px) 100vw, 1920px\" \/>\t\t\t\t\t\t\t\t\t\t\t\t\t\t\t<\/div>\n\t\t\t\t<\/div>\n\t\t\t\t<\/div>\n\t\t\t\t\t<\/div>\n\t\t\t\t<\/div>\n\t\t<div class=\"elementor-element elementor-element-4bfbb23 e-flex e-con-boxed e-con e-parent\" data-id=\"4bfbb23\" data-element_type=\"container\" data-e-type=\"container\" data-settings=\"{&quot;background_background&quot;:&quot;classic&quot;}\">\n\t\t\t\t\t<div class=\"e-con-inner\">\n\t\t\t\t<div class=\"elementor-element elementor-element-17bf805 elementor-widget elementor-widget-heading\" data-id=\"17bf805\" data-element_type=\"widget\" data-e-type=\"widget\" data-widget_type=\"heading.default\">\n\t\t\t\t<div class=\"elementor-widget-container\">\n\t\t\t\t\t<h2 class=\"elementor-heading-title elementor-size-default\">Iscrizione e consulenza<\/h2>\t\t\t\t<\/div>\n\t\t\t\t<\/div>\n\t\t\t\t<div class=\"elementor-element elementor-element-0161b76 elementor-align-center elementor-icon-list--layout-traditional elementor-list-item-link-full_width elementor-widget elementor-widget-icon-list\" data-id=\"0161b76\" data-element_type=\"widget\" data-e-type=\"widget\" data-widget_type=\"icon-list.default\">\n\t\t\t\t<div class=\"elementor-widget-container\">\n\t\t\t\t\t\t\t<ul class=\"elementor-icon-list-items\">\n\t\t\t\t\t\t\t<li class=\"elementor-icon-list-item\">\n\t\t\t\t\t\t\t\t\t\t<span class=\"elementor-icon-list-text\">Vuoi diventare ambasciatore del gusto o hai domande sulla formazione?<\/span>\n\t\t\t\t\t\t\t\t\t<\/li>\n\t\t\t\t\t\t<\/ul>\n\t\t\t\t\t\t<\/div>\n\t\t\t\t<\/div>\n\t\t\t\t<div class=\"elementor-element elementor-element-9024973 elementor-align-center elementor-icon-list--layout-traditional elementor-list-item-link-full_width elementor-widget elementor-widget-icon-list\" data-id=\"9024973\" data-element_type=\"widget\" data-e-type=\"widget\" data-widget_type=\"icon-list.default\">\n\t\t\t\t<div class=\"elementor-widget-container\">\n\t\t\t\t\t\t\t<ul class=\"elementor-icon-list-items\">\n\t\t\t\t\t\t\t<li class=\"elementor-icon-list-item\">\n\t\t\t\t\t\t\t\t\t\t\t<a href=\"mailto:info@weinakademie.it\">\n\n\t\t\t\t\t\t\t\t\t\t\t\t<span class=\"elementor-icon-list-icon\">\n\t\t\t\t\t\t\t<i aria-hidden=\"true\" class=\" ti-email\"><\/i>\t\t\t\t\t\t<\/span>\n\t\t\t\t\t\t\t\t\t\t<span class=\"elementor-icon-list-text\">Scrivici all'indirizzo info@weinakademie.it<\/span>\n\t\t\t\t\t\t\t\t\t\t\t<\/a>\n\t\t\t\t\t\t\t\t\t<\/li>\n\t\t\t\t\t\t\t\t<li class=\"elementor-icon-list-item\">\n\t\t\t\t\t\t\t\t\t\t\t<a href=\"tel:+390471964609\">\n\n\t\t\t\t\t\t\t\t\t\t\t\t<span class=\"elementor-icon-list-icon\">\n\t\t\t\t\t\t\t<i aria-hidden=\"true\" class=\"mdi mdi-phone-in-talk-outline\"><\/i>\t\t\t\t\t\t<\/span>\n\t\t\t\t\t\t\t\t\t\t<span class=\"elementor-icon-list-text\">Oppure contatta la signora Teresa Trinker-Bonora al +39 347 8541262<\/span>\n\t\t\t\t\t\t\t\t\t\t\t<\/a>\n\t\t\t\t\t\t\t\t\t<\/li>\n\t\t\t\t\t\t<\/ul>\n\t\t\t\t\t\t<\/div>\n\t\t\t\t<\/div>\n\t\t\t\t<div class=\"elementor-element elementor-element-091162a elementor-align-center elementor-widget elementor-widget-button\" data-id=\"091162a\" data-element_type=\"widget\" data-e-type=\"widget\" data-widget_type=\"button.default\">\n\t\t\t\t<div class=\"elementor-widget-container\">\n\t\t\t\t\t\t\t\t\t<div class=\"elementor-button-wrapper\">\n\t\t\t\t\t<a class=\"elementor-button elementor-button-link elementor-size-sm elementor-animation-float\" href=\"https:\/\/weinakademie.it\/it\/corsi\/delizie\/#ltseventsdetail=CAD16B707E0A481593A2803BEA4DD275\">\n\t\t\t\t\t\t<span class=\"elementor-button-content-wrapper\">\n\t\t\t\t\t\t<span class=\"elementor-button-icon\">\n\t\t\t\t<i aria-hidden=\"true\" class=\" las la-arrow-right\"><\/i>\t\t\t<\/span>\n\t\t\t\t\t\t\t\t\t<span class=\"elementor-button-text\">Iscriversi ora<\/span>\n\t\t\t\t\t<\/span>\n\t\t\t\t\t<\/a>\n\t\t\t\t<\/div>\n\t\t\t\t\t\t\t\t<\/div>\n\t\t\t\t<\/div>\n\t\t\t\t\t<\/div>\n\t\t\t\t<\/div>\n\t\t<div class=\"elementor-element elementor-element-630de9c e-flex e-con-boxed e-con e-parent\" data-id=\"630de9c\" data-element_type=\"container\" data-e-type=\"container\" data-settings=\"{&quot;background_background&quot;:&quot;classic&quot;}\">\n\t\t\t\t\t<div class=\"e-con-inner\">\n\t\t<div class=\"elementor-element elementor-element-1a550ea e-con-full e-flex e-con e-child\" data-id=\"1a550ea\" data-element_type=\"container\" data-e-type=\"container\">\n\t\t\t\t<div class=\"elementor-element elementor-element-d674195 elementor-icon-list--layout-inline elementor-list-item-link-full_width elementor-widget elementor-widget-icon-list\" data-id=\"d674195\" data-element_type=\"widget\" data-e-type=\"widget\" data-widget_type=\"icon-list.default\">\n\t\t\t\t<div class=\"elementor-widget-container\">\n\t\t\t\t\t\t\t<ul class=\"elementor-icon-list-items elementor-inline-items\">\n\t\t\t\t\t\t\t<li class=\"elementor-icon-list-item elementor-inline-item\">\n\t\t\t\t\t\t\t\t\t\t\t<span class=\"elementor-icon-list-icon\">\n\t\t\t\t\t\t\t<svg xmlns=\"http:\/\/www.w3.org\/2000\/svg\" xmlns:xlink=\"http:\/\/www.w3.org\/1999\/xlink\" width=\"512\" height=\"512\" x=\"0\" y=\"0\" viewBox=\"0 0 512 512\" style=\"enable-background:new 0 0 512 512\" xml:space=\"preserve\" class=\"\"><g><path d=\"M429.44 224.693c-2.773-4.854-8.053-7.84-13.76-7.84H297.92c-5.706 0-10.986 2.987-13.759 7.84-12.106 21.014-19.04 44.587-19.04 64.747 0 31.453 18.148 64.774 53.333 80.746 11.626 5.174 19.093 16.641 19.093 29.227v73.813c0 3.201-2.613 5.814-5.813 5.814h-13.92c-15.254 0-27.627 12.373-27.627 27.626 0 2.934 2.4 5.333 5.333 5.333h122.559c2.933 0 5.333-2.4 5.333-5.333 0-15.254-12.373-27.626-27.627-27.626h-13.919c-3.2 0-5.813-2.613-5.813-5.814v-73.813c0-12.587 7.467-24.053 19.093-29.227 30.389-13.795 53.333-44.49 53.333-80.746 0-20.16-6.933-43.786-19.039-64.747zm8.267 68.107c-61.055-15.741-114.745 59.869-161.44 4.693-.267-2.667-.48-5.333-.48-8.053 0-18.346 6.4-40 17.6-59.413.907-1.546 2.613-2.507 4.533-2.507h117.76c1.92 0 3.626.961 4.533 2.507 11.2 19.414 17.6 41.067 17.6 59.413 0 1.12-.053 2.239-.106 3.36zM173.067 17.867 171.04 35.2c-2.24-.853-4.693-1.28-7.254-1.28h-37.28c-2.56 0-5.013.48-7.306 1.333l-2.027-17.387C116.048 8.31 123.612 0 133.066 0h24.107c9.433 0 17.021 8.285 15.894 17.867zM136.16 332.586v90.773c0 2.933-2.4 5.333-5.333 5.333H63.521V327.254h67.307a5.314 5.314 0 0 1 5.332 5.332z\" fill=\"#b73525\" opacity=\"1\" data-original=\"#000000\" class=\"\"><\/path><path d=\"M226.72 309.761v174.614c0 15.253-10.187 27.626-22.773 27.626H86.294c-12.533 0-22.773-12.373-22.773-27.626V439.36h67.307c8.853 0 16-7.147 16-16v-90.773c0-8.853-7.147-16-16-16H63.521v-6.826c0-35.946 7.733-71.201 22.293-101.974 14.08-29.653 30.027-63.254 30.027-97.44V55.254a10.63 10.63 0 0 1 10.667-10.667h37.28c5.867 0 10.667 4.747 10.667 10.667v55.093c0 34.135 15.894 67.787 29.973 97.44 14.558 30.773 22.292 66.026 22.292 101.974z\" fill=\"#b73525\" opacity=\"1\" data-original=\"#000000\" class=\"\"><\/path><\/g><\/svg>\t\t\t\t\t\t<\/span>\n\t\t\t\t\t\t\t\t\t\t<span class=\"elementor-icon-list-text\">Ambasciatore del gusto<\/span>\n\t\t\t\t\t\t\t\t\t<\/li>\n\t\t\t\t\t\t<\/ul>\n\t\t\t\t\t\t<\/div>\n\t\t\t\t<\/div>\n\t\t\t\t<div class=\"elementor-element elementor-element-f64bdc7 elementor-widget elementor-widget-heading\" data-id=\"f64bdc7\" data-element_type=\"widget\" data-e-type=\"widget\" data-widget_type=\"heading.default\">\n\t\t\t\t<div class=\"elementor-widget-container\">\n\t\t\t\t\t<h2 class=\"elementor-heading-title elementor-size-default\">Possibilit\u00e0 di finanziamento \u2013 Formazione che viene sostenuta<\/h2>\t\t\t\t<\/div>\n\t\t\t\t<\/div>\n\t\t\t\t<div class=\"elementor-element elementor-element-e1b4438 elementor-widget elementor-widget-text-editor\" data-id=\"e1b4438\" data-element_type=\"widget\" data-e-type=\"widget\" data-widget_type=\"text-editor.default\">\n\t\t\t\t<div class=\"elementor-widget-container\">\n\t\t\t\t\t\t\t\t\t<p>Questa formazione \u00e8 sovvenzionabile! Per informazioni sulle possibilit\u00e0 di finanziamento, rivolgiti alla <b>Centro di coordinamento Formazione continua<\/b><\/p>\n\t\t\t\t\t\t\t\t<\/div>\n\t\t\t\t<\/div>\n\t\t\t\t<div class=\"elementor-element elementor-element-5b20927 elementor-icon-list--layout-traditional elementor-list-item-link-full_width elementor-widget elementor-widget-icon-list\" data-id=\"5b20927\" data-element_type=\"widget\" data-e-type=\"widget\" data-widget_type=\"icon-list.default\">\n\t\t\t\t<div class=\"elementor-widget-container\">\n\t\t\t\t\t\t\t<ul class=\"elementor-icon-list-items\">\n\t\t\t\t\t\t\t<li class=\"elementor-icon-list-item\">\n\t\t\t\t\t\t\t\t\t\t\t<a href=\"tel:+390471416919\">\n\n\t\t\t\t\t\t\t\t\t\t\t\t<span class=\"elementor-icon-list-icon\">\n\t\t\t\t\t\t\t<i aria-hidden=\"true\" class=\"mdi mdi-phone-in-talk-outline\"><\/i>\t\t\t\t\t\t<\/span>\n\t\t\t\t\t\t\t\t\t\t<span class=\"elementor-icon-list-text\">Signora Inge Clementi \u2013 Tel. 0471 416919<\/span>\n\t\t\t\t\t\t\t\t\t\t\t<\/a>\n\t\t\t\t\t\t\t\t\t<\/li>\n\t\t\t\t\t\t\t\t<li class=\"elementor-icon-list-item\">\n\t\t\t\t\t\t\t\t\t\t\t<a href=\"tel:+390471416930\">\n\n\t\t\t\t\t\t\t\t\t\t\t\t<span class=\"elementor-icon-list-icon\">\n\t\t\t\t\t\t\t<i aria-hidden=\"true\" class=\"mdi mdi-phone-in-talk-outline\"><\/i>\t\t\t\t\t\t<\/span>\n\t\t\t\t\t\t\t\t\t\t<span class=\"elementor-icon-list-text\">Signor Thomas Prunner \u2013 Tel. 0471 416930<\/span>\n\t\t\t\t\t\t\t\t\t\t\t<\/a>\n\t\t\t\t\t\t\t\t\t<\/li>\n\t\t\t\t\t\t\t\t<li class=\"elementor-icon-list-item\">\n\t\t\t\t\t\t\t\t\t\t\t<a href=\"mailto:weiterbildung.berufsbildung@provinz.bz.it\">\n\n\t\t\t\t\t\t\t\t\t\t\t\t<span class=\"elementor-icon-list-icon\">\n\t\t\t\t\t\t\t<i aria-hidden=\"true\" class=\" ti-email\"><\/i>\t\t\t\t\t\t<\/span>\n\t\t\t\t\t\t\t\t\t\t<span class=\"elementor-icon-list-text\">weiterbildung.berufsbildung@provinz.bz.it<\/span>\n\t\t\t\t\t\t\t\t\t\t\t<\/a>\n\t\t\t\t\t\t\t\t\t<\/li>\n\t\t\t\t\t\t<\/ul>\n\t\t\t\t\t\t<\/div>\n\t\t\t\t<\/div>\n\t\t\t\t<div class=\"elementor-element elementor-element-f67d232 elementor-widget elementor-widget-text-editor\" data-id=\"f67d232\" data-element_type=\"widget\" data-e-type=\"widget\" data-widget_type=\"text-editor.default\">\n\t\t\t\t<div class=\"elementor-widget-container\">\n\t\t\t\t\t\t\t\t\t<p>Ulteriori informazioni e moduli sono disponibili qui:<\/p>\n\t\t\t\t\t\t\t\t<\/div>\n\t\t\t\t<\/div>\n\t\t\t\t<div class=\"elementor-element elementor-element-b377ff1 elementor-align-left elementor-widget elementor-widget-button\" data-id=\"b377ff1\" data-element_type=\"widget\" data-e-type=\"widget\" data-widget_type=\"button.default\">\n\t\t\t\t<div class=\"elementor-widget-container\">\n\t\t\t\t\t\t\t\t\t<div class=\"elementor-button-wrapper\">\n\t\t\t\t\t<a class=\"elementor-button elementor-button-link elementor-size-sm elementor-animation-float\" href=\"https:\/\/civis.bz.it\/it\/servizi\/servizio.html?id=1034385\" target=\"_blank\">\n\t\t\t\t\t\t<span class=\"elementor-button-content-wrapper\">\n\t\t\t\t\t\t<span class=\"elementor-button-icon\">\n\t\t\t\t<i aria-hidden=\"true\" class=\" las la-arrow-right\"><\/i>\t\t\t<\/span>\n\t\t\t\t\t\t\t\t\t<span class=\"elementor-button-text\">Alla pagina dedicata ai finanziamenti su civis.bz.it<\/span>\n\t\t\t\t\t<\/span>\n\t\t\t\t\t<\/a>\n\t\t\t\t<\/div>\n\t\t\t\t\t\t\t\t<\/div>\n\t\t\t\t<\/div>\n\t\t\t\t<\/div>\n\t\t\t\t\t<\/div>\n\t\t\t\t<\/div>\n\t\t<div class=\"elementor-element elementor-element-03afd40 e-flex e-con-boxed e-con e-parent\" data-id=\"03afd40\" data-element_type=\"container\" data-e-type=\"container\" data-settings=\"{&quot;background_background&quot;:&quot;classic&quot;}\">\n\t\t\t\t\t<div class=\"e-con-inner\">\n\t\t<div class=\"elementor-element elementor-element-d3659e7 e-con-full e-flex e-con e-child\" data-id=\"d3659e7\" data-element_type=\"container\" data-e-type=\"container\">\n\t\t\t\t<div class=\"elementor-element elementor-element-b608b2e elementor-icon-list--layout-inline elementor-list-item-link-full_width elementor-widget elementor-widget-icon-list\" data-id=\"b608b2e\" data-element_type=\"widget\" data-e-type=\"widget\" data-widget_type=\"icon-list.default\">\n\t\t\t\t<div class=\"elementor-widget-container\">\n\t\t\t\t\t\t\t<ul class=\"elementor-icon-list-items elementor-inline-items\">\n\t\t\t\t\t\t\t<li class=\"elementor-icon-list-item elementor-inline-item\">\n\t\t\t\t\t\t\t\t\t\t\t<span class=\"elementor-icon-list-icon\">\n\t\t\t\t\t\t\t<svg xmlns=\"http:\/\/www.w3.org\/2000\/svg\" xmlns:xlink=\"http:\/\/www.w3.org\/1999\/xlink\" width=\"512\" height=\"512\" x=\"0\" y=\"0\" viewBox=\"0 0 512 512\" style=\"enable-background:new 0 0 512 512\" xml:space=\"preserve\" class=\"\"><g><path d=\"M429.44 224.693c-2.773-4.854-8.053-7.84-13.76-7.84H297.92c-5.706 0-10.986 2.987-13.759 7.84-12.106 21.014-19.04 44.587-19.04 64.747 0 31.453 18.148 64.774 53.333 80.746 11.626 5.174 19.093 16.641 19.093 29.227v73.813c0 3.201-2.613 5.814-5.813 5.814h-13.92c-15.254 0-27.627 12.373-27.627 27.626 0 2.934 2.4 5.333 5.333 5.333h122.559c2.933 0 5.333-2.4 5.333-5.333 0-15.254-12.373-27.626-27.627-27.626h-13.919c-3.2 0-5.813-2.613-5.813-5.814v-73.813c0-12.587 7.467-24.053 19.093-29.227 30.389-13.795 53.333-44.49 53.333-80.746 0-20.16-6.933-43.786-19.039-64.747zm8.267 68.107c-61.055-15.741-114.745 59.869-161.44 4.693-.267-2.667-.48-5.333-.48-8.053 0-18.346 6.4-40 17.6-59.413.907-1.546 2.613-2.507 4.533-2.507h117.76c1.92 0 3.626.961 4.533 2.507 11.2 19.414 17.6 41.067 17.6 59.413 0 1.12-.053 2.239-.106 3.36zM173.067 17.867 171.04 35.2c-2.24-.853-4.693-1.28-7.254-1.28h-37.28c-2.56 0-5.013.48-7.306 1.333l-2.027-17.387C116.048 8.31 123.612 0 133.066 0h24.107c9.433 0 17.021 8.285 15.894 17.867zM136.16 332.586v90.773c0 2.933-2.4 5.333-5.333 5.333H63.521V327.254h67.307a5.314 5.314 0 0 1 5.332 5.332z\" fill=\"#b73525\" opacity=\"1\" data-original=\"#000000\" class=\"\"><\/path><path d=\"M226.72 309.761v174.614c0 15.253-10.187 27.626-22.773 27.626H86.294c-12.533 0-22.773-12.373-22.773-27.626V439.36h67.307c8.853 0 16-7.147 16-16v-90.773c0-8.853-7.147-16-16-16H63.521v-6.826c0-35.946 7.733-71.201 22.293-101.974 14.08-29.653 30.027-63.254 30.027-97.44V55.254a10.63 10.63 0 0 1 10.667-10.667h37.28c5.867 0 10.667 4.747 10.667 10.667v55.093c0 34.135 15.894 67.787 29.973 97.44 14.558 30.773 22.292 66.026 22.292 101.974z\" fill=\"#b73525\" opacity=\"1\" data-original=\"#000000\" class=\"\"><\/path><\/g><\/svg>\t\t\t\t\t\t<\/span>\n\t\t\t\t\t\t\t\t\t\t<span class=\"elementor-icon-list-text\">Ambasciatore del gusto<\/span>\n\t\t\t\t\t\t\t\t\t<\/li>\n\t\t\t\t\t\t<\/ul>\n\t\t\t\t\t\t<\/div>\n\t\t\t\t<\/div>\n\t\t\t\t<div class=\"elementor-element elementor-element-0892bc9 elementor-widget elementor-widget-heading\" data-id=\"0892bc9\" data-element_type=\"widget\" data-e-type=\"widget\" data-widget_type=\"heading.default\">\n\t\t\t\t<div class=\"elementor-widget-container\">\n\t\t\t\t\t<h2 class=\"elementor-heading-title elementor-size-default\">Insieme siamo pi\u00f9 forti \u2013 una collaborazione con IDM Alto Adige<\/h2>\t\t\t\t<\/div>\n\t\t\t\t<\/div>\n\t\t\t\t<div class=\"elementor-element elementor-element-bd6b0db elementor-widget elementor-widget-text-editor\" data-id=\"bd6b0db\" data-element_type=\"widget\" data-e-type=\"widget\" data-widget_type=\"text-editor.default\">\n\t\t\t\t<div class=\"elementor-widget-container\">\n\t\t\t\t\t\t\t\t\t<p>La formazione ambasciatore del gusto \u00e8 un progetto comune della <b>Accademia del vino Alto Adige<\/b> e di <b>IDM Alto Adige<\/b> \u2013 con l&#8217;obiettivo di rendere la qualit\u00e0 visibile, tangibile e piacevole da comunicare.<\/p>\n\t\t\t\t\t\t\t\t<\/div>\n\t\t\t\t<\/div>\n\t\t\t\t<div class=\"elementor-element elementor-element-0d559ef elementor-align-left elementor-mobile-align-center elementor-widget elementor-widget-button\" data-id=\"0d559ef\" data-element_type=\"widget\" data-e-type=\"widget\" data-widget_type=\"button.default\">\n\t\t\t\t<div class=\"elementor-widget-container\">\n\t\t\t\t\t\t\t\t\t<div class=\"elementor-button-wrapper\">\n\t\t\t\t\t<a class=\"elementor-button elementor-button-link elementor-size-sm elementor-animation-float\" href=\"https:\/\/www.qualita-altoadige.com\/it\/testimonials\/specialisti-del-gusto.html\" target=\"_blank\">\n\t\t\t\t\t\t<span class=\"elementor-button-content-wrapper\">\n\t\t\t\t\t\t<span class=\"elementor-button-icon\">\n\t\t\t\t<i aria-hidden=\"true\" class=\" las la-arrow-right\"><\/i>\t\t\t<\/span>\n\t\t\t\t\t\t\t\t\t<span class=\"elementor-button-text\">Scopri di pi\u00f9<\/span>\n\t\t\t\t\t<\/span>\n\t\t\t\t\t<\/a>\n\t\t\t\t<\/div>\n\t\t\t\t\t\t\t\t<\/div>\n\t\t\t\t<\/div>\n\t\t\t\t<\/div>\n\t\t<div class=\"elementor-element elementor-element-579b7d0 e-con-full e-flex e-con e-child\" data-id=\"579b7d0\" data-element_type=\"container\" data-e-type=\"container\">\n\t\t\t\t<div class=\"elementor-element elementor-element-f912702 elementor-widget__width-initial elementor-widget elementor-widget-image\" data-id=\"f912702\" data-element_type=\"widget\" data-e-type=\"widget\" data-widget_type=\"image.default\">\n\t\t\t\t<div class=\"elementor-widget-container\">\n\t\t\t\t\t\t\t\t\t\t\t\t\t\t\t\t<a href=\"https:\/\/www.qualita-altoadige.com\/it\/testimonials\/specialisti-del-gusto.html\" target=\"_blank\">\n\t\t\t\t\t\t\t<img decoding=\"async\" width=\"126\" height=\"118\" src=\"https:\/\/weinakademie.it\/wp-content\/uploads\/2025\/05\/logo-de.svg\" class=\"attachment-full size-full wp-image-4271\" alt=\"\" \/>\t\t\t\t\t\t\t\t<\/a>\n\t\t\t\t\t\t\t\t\t\t\t\t\t\t\t<\/div>\n\t\t\t\t<\/div>\n\t\t\t\t<\/div>\n\t\t\t\t\t<\/div>\n\t\t\t\t<\/div>\n\t\t<div class=\"elementor-element elementor-element-22e8406 e-flex e-con-boxed e-con e-parent\" data-id=\"22e8406\" data-element_type=\"container\" data-e-type=\"container\" data-settings=\"{&quot;background_background&quot;:&quot;classic&quot;}\">\n\t\t\t\t\t<div class=\"e-con-inner\">\n\t\t\t\t<div class=\"elementor-element elementor-element-f99f063 elementor-widget__width-initial elementor-widget elementor-widget-heading\" data-id=\"f99f063\" data-element_type=\"widget\" data-e-type=\"widget\" data-widget_type=\"heading.default\">\n\t\t\t\t<div class=\"elementor-widget-container\">\n\t\t\t\t\t<h2 class=\"elementor-heading-title elementor-size-default\">Vuoi saperne di pi\u00f9? Scopri anche i nostri altri corsi di formazione su vino, speck, birra e delizie.<\/h2>\t\t\t\t<\/div>\n\t\t\t\t<\/div>\n\t\t\t\t<div class=\"elementor-element elementor-element-f6bcee5 elementor-align-left elementor-widget elementor-widget-button\" data-id=\"f6bcee5\" data-element_type=\"widget\" data-e-type=\"widget\" data-widget_type=\"button.default\">\n\t\t\t\t<div class=\"elementor-widget-container\">\n\t\t\t\t\t\t\t\t\t<div class=\"elementor-button-wrapper\">\n\t\t\t\t\t<a class=\"elementor-button elementor-button-link elementor-size-sm elementor-animation-float\" href=\"https:\/\/weinakademie.it\/it\/corsi\/\">\n\t\t\t\t\t\t<span class=\"elementor-button-content-wrapper\">\n\t\t\t\t\t\t<span class=\"elementor-button-icon\">\n\t\t\t\t<i aria-hidden=\"true\" class=\" las la-arrow-right\"><\/i>\t\t\t<\/span>\n\t\t\t\t\t\t\t\t\t<span class=\"elementor-button-text\">Offerta dei corsi<\/span>\n\t\t\t\t\t<\/span>\n\t\t\t\t\t<\/a>\n\t\t\t\t<\/div>\n\t\t\t\t\t\t\t\t<\/div>\n\t\t\t\t<\/div>\n\t\t\t\t\t<\/div>\n\t\t\t\t<\/div>\n\t\t\t\t<\/div>\n\t\t","protected":false},"excerpt":{"rendered":"<p>Formazione come Ambasciatore del gusto altoatesino Ambasciatore del gusto Ambasciatori del buon gusto \u2013 con cuore, conoscenza e passione L&#8217;Alto Adige \u00e8 sinonimo di prodotti alimentari autentici e di alta qualit\u00e0. Per trasmettere questi valori occorrono personalit\u00e0 che non solo apprezzino questi prodotti, ma che sappiano anche trasmettere il loro entusiasmo. \u00c8 proprio qui che [&hellip;]<\/p>\n","protected":false},"author":1,"featured_media":0,"parent":0,"menu_order":0,"comment_status":"closed","ping_status":"closed","template":"","meta":{"footnotes":""},"class_list":["post-4269","page","type-page","status-publish","hentry"],"yoast_head":"<!-- This site is optimized with the Yoast SEO plugin v27.4 - https:\/\/yoast.com\/product\/yoast-seo-wordpress\/ -->\n<title>Formazione per diventare Ambasciatore del gusto altoatesino \u2013 Iscriviti ora | Accademia del vino<\/title>\n<meta name=\"description\" content=\"Diventa ambasciatore del gusto altoatesino! Il corso di formazione riconosciuto in 10 moduli trasmette conoscenze approfondite sui prodotti di qualit\u00e0 dell&#039;Alto Adige. Informati e iscriviti ora.\" \/>\n<meta name=\"robots\" content=\"index, follow, max-snippet:-1, max-image-preview:large, max-video-preview:-1\" \/>\n<link rel=\"canonical\" href=\"https:\/\/weinakademie.it\/it\/ambasciatore-del-gusto\/\" \/>\n<meta property=\"og:locale\" content=\"it_IT\" \/>\n<meta property=\"og:type\" content=\"article\" \/>\n<meta property=\"og:title\" content=\"Formazione per diventare Ambasciatore del gusto altoatesino \u2013 Iscriviti ora | Accademia del vino\" \/>\n<meta property=\"og:description\" content=\"Diventa ambasciatore del gusto altoatesino! Il corso di formazione riconosciuto in 10 moduli trasmette conoscenze approfondite sui prodotti di qualit\u00e0 dell&#039;Alto Adige. Informati e iscriviti ora.\" \/>\n<meta property=\"og:url\" content=\"https:\/\/weinakademie.it\/it\/ambasciatore-del-gusto\/\" \/>\n<meta property=\"og:site_name\" content=\"Default\" \/>\n<meta property=\"article:modified_time\" content=\"2026-01-25T10:28:52+00:00\" \/>\n<meta property=\"og:image\" content=\"https:\/\/weinakademie.it\/wp-content\/uploads\/2025\/05\/logo-de.svg\" \/>\n<meta name=\"twitter:card\" content=\"summary_large_image\" \/>\n<meta name=\"twitter:label1\" content=\"Est. reading time\" \/>\n\t<meta name=\"twitter:data1\" content=\"2 minutes\" \/>\n<script type=\"application\/ld+json\" class=\"yoast-schema-graph\">{\"@context\":\"https:\\\/\\\/schema.org\",\"@graph\":[{\"@type\":\"WebPage\",\"@id\":\"https:\\\/\\\/weinakademie.it\\\/it\\\/ambasciatore-del-gusto\\\/\",\"url\":\"https:\\\/\\\/weinakademie.it\\\/it\\\/ambasciatore-del-gusto\\\/\",\"name\":\"Formazione per diventare Ambasciatore del gusto altoatesino \u2013 Iscriviti ora | Accademia del vino\",\"isPartOf\":{\"@id\":\"https:\\\/\\\/weinakademie.it\\\/it\\\/#website\"},\"primaryImageOfPage\":{\"@id\":\"https:\\\/\\\/weinakademie.it\\\/it\\\/ambasciatore-del-gusto\\\/#primaryimage\"},\"image\":{\"@id\":\"https:\\\/\\\/weinakademie.it\\\/it\\\/ambasciatore-del-gusto\\\/#primaryimage\"},\"thumbnailUrl\":\"https:\\\/\\\/weinakademie.it\\\/wp-content\\\/uploads\\\/2025\\\/05\\\/logo-de.svg\",\"datePublished\":\"2025-05-08T13:58:55+00:00\",\"dateModified\":\"2026-01-25T10:28:52+00:00\",\"description\":\"Diventa ambasciatore del gusto altoatesino! Il corso di formazione riconosciuto in 10 moduli trasmette conoscenze approfondite sui prodotti di qualit\u00e0 dell'Alto Adige. Informati e iscriviti ora.\",\"breadcrumb\":{\"@id\":\"https:\\\/\\\/weinakademie.it\\\/it\\\/ambasciatore-del-gusto\\\/#breadcrumb\"},\"inLanguage\":\"it-IT\",\"potentialAction\":[{\"@type\":\"ReadAction\",\"target\":[\"https:\\\/\\\/weinakademie.it\\\/it\\\/ambasciatore-del-gusto\\\/\"]}]},{\"@type\":\"ImageObject\",\"inLanguage\":\"it-IT\",\"@id\":\"https:\\\/\\\/weinakademie.it\\\/it\\\/ambasciatore-del-gusto\\\/#primaryimage\",\"url\":\"https:\\\/\\\/weinakademie.it\\\/wp-content\\\/uploads\\\/2025\\\/05\\\/logo-de.svg\",\"contentUrl\":\"https:\\\/\\\/weinakademie.it\\\/wp-content\\\/uploads\\\/2025\\\/05\\\/logo-de.svg\"},{\"@type\":\"BreadcrumbList\",\"@id\":\"https:\\\/\\\/weinakademie.it\\\/it\\\/ambasciatore-del-gusto\\\/#breadcrumb\",\"itemListElement\":[{\"@type\":\"ListItem\",\"position\":1,\"name\":\"Home\",\"item\":\"https:\\\/\\\/weinakademie.it\\\/it\\\/\"},{\"@type\":\"ListItem\",\"position\":2,\"name\":\"Ambasciatore del gusto\"}]},{\"@type\":\"WebSite\",\"@id\":\"https:\\\/\\\/weinakademie.it\\\/it\\\/#website\",\"url\":\"https:\\\/\\\/weinakademie.it\\\/it\\\/\",\"name\":\"Default\",\"description\":\"Wein, Bier, Speck &amp; Genuss \u2013 Kurse f\u00fcr Einsteiger und Experten\",\"publisher\":{\"@id\":\"https:\\\/\\\/weinakademie.it\\\/it\\\/#organization\"},\"potentialAction\":[{\"@type\":\"SearchAction\",\"target\":{\"@type\":\"EntryPoint\",\"urlTemplate\":\"https:\\\/\\\/weinakademie.it\\\/it\\\/?s={search_term_string}\"},\"query-input\":{\"@type\":\"PropertyValueSpecification\",\"valueRequired\":true,\"valueName\":\"search_term_string\"}}],\"inLanguage\":\"it-IT\"},{\"@type\":\"Organization\",\"@id\":\"https:\\\/\\\/weinakademie.it\\\/it\\\/#organization\",\"name\":\"Default\",\"url\":\"https:\\\/\\\/weinakademie.it\\\/it\\\/\",\"logo\":{\"@type\":\"ImageObject\",\"inLanguage\":\"it-IT\",\"@id\":\"https:\\\/\\\/weinakademie.it\\\/it\\\/#\\\/schema\\\/logo\\\/image\\\/\",\"url\":\"https:\\\/\\\/weinakademie.it\\\/wp-content\\\/uploads\\\/2024\\\/08\\\/swa_wein_logo_ohne_zusatz_4c.png\",\"contentUrl\":\"https:\\\/\\\/weinakademie.it\\\/wp-content\\\/uploads\\\/2024\\\/08\\\/swa_wein_logo_ohne_zusatz_4c.png\",\"width\":421,\"height\":174,\"caption\":\"Default\"},\"image\":{\"@id\":\"https:\\\/\\\/weinakademie.it\\\/it\\\/#\\\/schema\\\/logo\\\/image\\\/\"}}]}<\/script>\n<!-- \/ Yoast SEO plugin. -->","yoast_head_json":{"title":"Formazione per diventare Ambasciatore del gusto altoatesino \u2013 Iscriviti ora | Accademia del vino","description":"Diventa ambasciatore del gusto altoatesino! Il corso di formazione riconosciuto in 10 moduli trasmette conoscenze approfondite sui prodotti di qualit\u00e0 dell'Alto Adige. Informati e iscriviti ora.","robots":{"index":"index","follow":"follow","max-snippet":"max-snippet:-1","max-image-preview":"max-image-preview:large","max-video-preview":"max-video-preview:-1"},"canonical":"https:\/\/weinakademie.it\/it\/ambasciatore-del-gusto\/","og_locale":"it_IT","og_type":"article","og_title":"Formazione per diventare Ambasciatore del gusto altoatesino \u2013 Iscriviti ora | Accademia del vino","og_description":"Diventa ambasciatore del gusto altoatesino! Il corso di formazione riconosciuto in 10 moduli trasmette conoscenze approfondite sui prodotti di qualit\u00e0 dell'Alto Adige. Informati e iscriviti ora.","og_url":"https:\/\/weinakademie.it\/it\/ambasciatore-del-gusto\/","og_site_name":"Default","article_modified_time":"2026-01-25T10:28:52+00:00","og_image":[{"url":"https:\/\/weinakademie.it\/wp-content\/uploads\/2025\/05\/logo-de.svg","type":"","width":"","height":""}],"twitter_card":"summary_large_image","twitter_misc":{"Est. reading time":"2 minutes"},"schema":{"@context":"https:\/\/schema.org","@graph":[{"@type":"WebPage","@id":"https:\/\/weinakademie.it\/it\/ambasciatore-del-gusto\/","url":"https:\/\/weinakademie.it\/it\/ambasciatore-del-gusto\/","name":"Formazione per diventare Ambasciatore del gusto altoatesino \u2013 Iscriviti ora | Accademia del vino","isPartOf":{"@id":"https:\/\/weinakademie.it\/it\/#website"},"primaryImageOfPage":{"@id":"https:\/\/weinakademie.it\/it\/ambasciatore-del-gusto\/#primaryimage"},"image":{"@id":"https:\/\/weinakademie.it\/it\/ambasciatore-del-gusto\/#primaryimage"},"thumbnailUrl":"https:\/\/weinakademie.it\/wp-content\/uploads\/2025\/05\/logo-de.svg","datePublished":"2025-05-08T13:58:55+00:00","dateModified":"2026-01-25T10:28:52+00:00","description":"Diventa ambasciatore del gusto altoatesino! Il corso di formazione riconosciuto in 10 moduli trasmette conoscenze approfondite sui prodotti di qualit\u00e0 dell'Alto Adige. Informati e iscriviti ora.","breadcrumb":{"@id":"https:\/\/weinakademie.it\/it\/ambasciatore-del-gusto\/#breadcrumb"},"inLanguage":"it-IT","potentialAction":[{"@type":"ReadAction","target":["https:\/\/weinakademie.it\/it\/ambasciatore-del-gusto\/"]}]},{"@type":"ImageObject","inLanguage":"it-IT","@id":"https:\/\/weinakademie.it\/it\/ambasciatore-del-gusto\/#primaryimage","url":"https:\/\/weinakademie.it\/wp-content\/uploads\/2025\/05\/logo-de.svg","contentUrl":"https:\/\/weinakademie.it\/wp-content\/uploads\/2025\/05\/logo-de.svg"},{"@type":"BreadcrumbList","@id":"https:\/\/weinakademie.it\/it\/ambasciatore-del-gusto\/#breadcrumb","itemListElement":[{"@type":"ListItem","position":1,"name":"Home","item":"https:\/\/weinakademie.it\/it\/"},{"@type":"ListItem","position":2,"name":"Ambasciatore del gusto"}]},{"@type":"WebSite","@id":"https:\/\/weinakademie.it\/it\/#website","url":"https:\/\/weinakademie.it\/it\/","name":"Default","description":"Wein, Bier, Speck &amp; Genuss \u2013 Kurse f\u00fcr Einsteiger und Experten","publisher":{"@id":"https:\/\/weinakademie.it\/it\/#organization"},"potentialAction":[{"@type":"SearchAction","target":{"@type":"EntryPoint","urlTemplate":"https:\/\/weinakademie.it\/it\/?s={search_term_string}"},"query-input":{"@type":"PropertyValueSpecification","valueRequired":true,"valueName":"search_term_string"}}],"inLanguage":"it-IT"},{"@type":"Organization","@id":"https:\/\/weinakademie.it\/it\/#organization","name":"Default","url":"https:\/\/weinakademie.it\/it\/","logo":{"@type":"ImageObject","inLanguage":"it-IT","@id":"https:\/\/weinakademie.it\/it\/#\/schema\/logo\/image\/","url":"https:\/\/weinakademie.it\/wp-content\/uploads\/2024\/08\/swa_wein_logo_ohne_zusatz_4c.png","contentUrl":"https:\/\/weinakademie.it\/wp-content\/uploads\/2024\/08\/swa_wein_logo_ohne_zusatz_4c.png","width":421,"height":174,"caption":"Default"},"image":{"@id":"https:\/\/weinakademie.it\/it\/#\/schema\/logo\/image\/"}}]}},"_links":{"self":[{"href":"https:\/\/weinakademie.it\/it\/wp-json\/wp\/v2\/pages\/4269","targetHints":{"allow":["GET"]}}],"collection":[{"href":"https:\/\/weinakademie.it\/it\/wp-json\/wp\/v2\/pages"}],"about":[{"href":"https:\/\/weinakademie.it\/it\/wp-json\/wp\/v2\/types\/page"}],"author":[{"embeddable":true,"href":"https:\/\/weinakademie.it\/it\/wp-json\/wp\/v2\/users\/1"}],"replies":[{"embeddable":true,"href":"https:\/\/weinakademie.it\/it\/wp-json\/wp\/v2\/comments?post=4269"}],"version-history":[{"count":0,"href":"https:\/\/weinakademie.it\/it\/wp-json\/wp\/v2\/pages\/4269\/revisions"}],"wp:attachment":[{"href":"https:\/\/weinakademie.it\/it\/wp-json\/wp\/v2\/media?parent=4269"}],"curies":[{"name":"wp","href":"https:\/\/api.w.org\/{rel}","templated":true}]}}